{"id":113,"date":"2010-11-04T11:46:36","date_gmt":"2010-11-04T11:46:36","guid":{"rendered":"http:\/\/findsurebet.com\/annagreziak\/?page_id=113"},"modified":"2010-11-04T13:52:55","modified_gmt":"2010-11-04T13:52:55","slug":"teraz-jeszcze-zostalo-wszystkich-was-pochowac","status":"publish","type":"page","link":"https:\/\/annagreziak.waw.pl\/?page_id=113","title":{"rendered":"Teraz jeszcze zosta\u0142o wszystkich Was pochowa\u0107&#8230;"},"content":{"rendered":"<h2>Anna Gr\u0119ziak<\/h2>\n<p>Nie potrafi\u0119 dzi\u015b pisa\u0107 wspomnie\u0144, chocia\u017c ca\u0142y czas o Was pami\u0119tam, w dzie\u0144 i w nocy.<\/p>\n<p>Teraz musz\u0119 Was pochowa\u0107.  Wszystkich, cho\u0107by w my\u015blach. Siedz\u0119 wi\u0119c nad przera\u017caj\u0105co d\u0142ug\u0105 list\u0105 drogich mi Os\u00f3b  i \u2026 planuj\u0119.<\/p>\n<p>Pierwsza Para, a tak naprawd\u0119 \u2013 Leszek i Marylka. To Wy jako  pierwsi macie prawo do mojego czasu, moich \u0142ez, mojego zm\u0119czenia, cho\u0107 dzi\u015b ju\u017c nie do rozpaczy.  Ja  ju\u017c nie rozpaczam, ja mam nadziej\u0119!<\/p>\n<p>Niedziela, 11 kwietnia, powr\u00f3t Leszka, Prezydenta Najja\u015bniejszej Rzeczypospolitej, mojej Ojczyzny. Czeka\u0142am na Ciebie w Pa\u0142acu, bo sama wracaj\u0105c tego dnia z podr\u00f3\u017cy (to by\u0142 kr\u00f3tki urlop przed trudami nadchodz\u0105cej kampanii) nie mog\u0142am przywita\u0107 Ci\u0119 na lotnisku. Przywita\u0142am w Twoim domu Msz\u0105 \u015bwi\u0119t\u0105 przy trumnie. Nie odprawi\u0142 jej jednak Ksi\u0105dz Roman, On jeszcze nie wr\u00f3ci\u0142, zreszt\u0105 gdyby nawet\u2026<\/p>\n<p>Wtorek, 12 kwietnia, wraca Twoja ukochana \u017bona, Pierwsza Dama, Marylka. Na Ni\u0105 te\u017c czeka\u0142am, a kiedy ju\u017c razem  byli\u015bcie w pa\u0142acowej kaplicy \u2013  kolejna Msza \u015bwi\u0119ta. P\u00f3\u017aniej, gdy tysi\u0105ce ludzi chcia\u0142o  z\u0142o\u017cy\u0107 Wam ho\u0142d, usun\u0119\u0142am si\u0119, nie chcia\u0142am przeszkadza\u0107. Ale kiedy powr\u00f3cili z Moskwy do Pa\u0142acu kolejni Koledzy, przysz\u0142am znowu. Znowu pomodli\u0107 si\u0119 za Was oraz wszystkich Towarzyszy Waszej ostatniej podr\u00f3\u017cy. I za Polsk\u0119.<\/p>\n<p>A w sobot\u0119, 17 kwietnia po\u017cegnanie na Placu J\u00f3zefa Pi\u0142sudskiego. I znamienne, jak\u017ce oczekiwane s\u0142owa. S\u0142owa Arcybiskupa Michalika: \u201e\u2026 oto mamy przed sob\u0105 96 tragicznie zmar\u0142ych os\u00f3b: Prezydent Rzeczypospolitej i Jego Ma\u0142\u017conka, ostatni Prezydenta RP na uchod\u017astwie, biskupi polowi i tylu, tylu innych\u2026 Ta \u015bmier\u0107 ujawnia nam nowe warto\u015bci ka\u017cdego i ka\u017cdej z tych ludzi. Ca\u0142y nar\u00f3d je odkry\u0142 i g\u0142osi, g\u0142osi swoj\u0105 obecno\u015bci\u0105, \u017ce byli lud\u017ami godnymi najwy\u017cszego szacunku, skoro w Polsce i na ca\u0142ym \u015bwiecie reakcja na te wydarzenia jest taka niezwyk\u0142a, niezwyk\u0142a wzruszeniem a\u017c do \u0142ez, p\u0142yn\u0105cych nawet z oczu, z kt\u00f3rych tych \u0142ez nie oczekiwali\u015bmy, ba, podejrzewali\u015bmy, \u017ce nigdy z nich nie pop\u0142yn\u0105\u2026 Ta tragiczna \u015bmier\u0107 ujawni\u0142a wiele spraw niezwyk\u0142ych, ukaza\u0142a nowe oblicze naszego narodu, kt\u00f3ry mo\u017ce ma i wady, ale zobaczyli\u015bmy i dotkn\u0119li\u015bmy po prostu, jak wielkie ma serce. Tym bardziej cenne, \u017ce ten nar\u00f3d przez w\u0142asnych swoich syn\u00f3w by\u0142 przez ostatnie lata niejednokrotnie bole\u015bnie wyszydzany, jako ten, kt\u00f3ry rzekomo nie potrafi skorzysta\u0107 ani z nauczania papie\u017ca Jana Paw\u0142a II, ani z ofiarowanej mu wolno\u015bci, a co gorsza, str\u00f3\u017cem Majestatu Rzeczypospolitej uczyni\u0142 cz\u0142owieka, kt\u00f3ry nie pasowa\u0142 do ich kryteri\u00f3w wsp\u00f3\u0142czesno\u015bci\u201d.<\/p>\n<p>A kiedy ju\u017c zako\u0144czy\u0142 si\u0119 milcz\u0105cy marsz tysi\u0119cy Polak\u00f3w przed Waszymi  trumnami znowu przez chwil\u0119 by\u0142e\u015b tylko dla nas, swoich wsp\u00f3\u0142pracownik\u00f3w i przyjaci\u00f3\u0142. Z dum\u0105 odprowadzali\u015bmy naszego Prezydenta i Jego \u017bon\u0119 do Archikatedry \u015bw. Jana, ostatniej stacji Waszej warszawskiej drogi.<\/p>\n<p>I niedziela, 18 kwietnia, Krak\u00f3w, Bazylika Mariacka i Kr\u00f3lewski Wawel. Pi\u0119kny mia\u0142e\u015b pogrzeb m\u00f3j Prezydencie, pi\u0119kny i godny. Godny Ciebie i  Twojej  mi\u0142o\u015bci do Polski i s\u0142u\u017cby dla Niej.<\/p>\n<p>W poniedzia\u0142ek, 19 kwietnia po\u017cegna\u0142am Prezydenta Ryszarda Kaczorowskiego. \u015amierci\u0105 pod Smole\u0144skiem zako\u0144czy\u0142 swoje d\u0142ugie \u017cycie w s\u0142u\u017cbie Najja\u015bniejszej. Dzi\u0119kuj\u0119 Panie Prezydencie za uchronienie Jej Majestatu w jednym z najtrudniejszych okres\u00f3w naszej polskiej historii!<\/p>\n<p>Wtorek, 20 kwietnia. Dzie\u0144 pogrzeb\u00f3w moich przyjaci\u00f3\u0142 z Kancelarii. Precyzyjnie rozplanowa\u0142am: mog\u0142am wzi\u0105\u0107 udzia\u0142 tylko w trzech z nich. Na Mszy \u015bw. w ko\u015bciele \u015bw. Anny po\u017cegna\u0142am W\u0142adka Stasiaka. \u201eWarto pracowa\u0107 dla Polski. Nie b\u00f3jmy si\u0119 silnego pa\u0144stwa\u201d. To Twoje s\u0142owa \u201eDamy rad\u0119, W\u0142adku, damy rad\u0119\u201d &#8211; tak\u0105 deklaracj\u0119 kierowa\u0142 do Ciebie w imieniu nas wszystkich Andrzej Duda. Nie potrafi\u0119 nic doda\u0107. Musimy da\u0107 rad\u0119, W\u0142adku, po co\u015b przecie\u017c pozostali\u015bmy przy \u017cyciu.<\/p>\n<p>W po\u0142udnie Kasia Doraczy\u0144ska. Musia\u0142am J\u0105 po\u017cegna\u0107. By\u0142a Iskierk\u0105 naszej Kancelarii, Dziewczynk\u0105 z aparatem na z\u0119bach i \u2026 odpowiedzialno\u015bci\u0105 za Polsk\u0119 przewy\u017cszaj\u0105c\u0105 \u201enorm\u0119\u201d doros\u0142ych polityk\u00f3w. Widzisz Kasiu, nie pojedziemy ju\u017c razem z Panem Prezydentem na obchody 50. rocznicy nowohuckiej \u201eBitwy o Krzy\u017c\u201d; to znaczy nie pojad\u0119 ja, Wy napewno tam b\u0119dziecie.<\/p>\n<p>I jeszcze Basia Mami\u0144ska, Basia, oczy  i pami\u0119\u0107 Pana Prezydenta. \u201ePrzy  Tobie ludzie stawali si\u0119 lepsi\u201d. Te s\u0142owa, wypowiedziane  na Twoim pogrzebie, m\u00f3wi\u0105 wszystko. Dzi\u0119kuj\u0119 Basiu, za to \u017ce by\u0142a\u015b, \u017ce jeste\u015b\u2026<\/p>\n<p>\u015aroda 21 kwietnia, Ciechan\u00f3w, pogrzeb Inki Fetli\u0144skiej, Senator Rzeczypospolitej. Od lat krzy\u017cowa\u0142y si\u0119 nasze drogi i dzia\u0142ania. By\u0142a\u015b tak konsekwentna, \u017ce czasem a\u017c niezno\u015bna (ja pewnie te\u017c bywam), ale zawsze mia\u0142a\u015b jasny cel: dobro drugiego cz\u0142owieka, dobro Polski. \u017begnaj Inko, nie pojecha\u0142a\u015b w swoj\u0105 ostatni\u0105, wymarzon\u0105 podr\u00f3\u017c z pustymi r\u0119kami.<\/p>\n<p>Jutro pogrzeb Paw\u0142a Wypycha\u2026<\/p>\n","protected":false},"excerpt":{"rendered":"<p>Anna Gr\u0119ziak Nie potrafi\u0119 dzi\u015b pisa\u0107 wspomnie\u0144, chocia\u017c ca\u0142y czas o Was pami\u0119tam, w dzie\u0144 i w nocy. Teraz musz\u0119 Was pochowa\u0107. Wszystkich, cho\u0107by w my\u015blach. Siedz\u0119 wi\u0119c nad przera\u017caj\u0105co d\u0142ug\u0105 list\u0105 drogich mi Os\u00f3b i \u2026 planuj\u0119. Pierwsza Para, &hellip; <a href=\"https:\/\/annagreziak.waw.pl\/?page_id=113\">Czytaj dalej <span class=\"meta-nav\">&rarr;<\/span><\/a><\/p>\n","protected":false},"author":1,"featured_media":0,"parent":64,"menu_order":0,"comment_status":"closed","ping_status":"closed","template":"","meta":{"footnotes":""},"class_list":["post-113","page","type-page","status-publish","hentry"],"_links":{"self":[{"href":"https:\/\/annagreziak.waw.pl\/index.php?rest_route=\/wp\/v2\/pages\/113","targetHints":{"allow":["GET"]}}],"collection":[{"href":"https:\/\/annagreziak.waw.pl\/index.php?rest_route=\/wp\/v2\/pages"}],"about":[{"href":"https:\/\/annagreziak.waw.pl\/index.php?rest_route=\/wp\/v2\/types\/page"}],"author":[{"embeddable":true,"href":"https:\/\/annagreziak.waw.pl\/index.php?rest_route=\/wp\/v2\/users\/1"}],"replies":[{"embeddable":true,"href":"https:\/\/annagreziak.waw.pl\/index.php?rest_route=%2Fwp%2Fv2%2Fcomments&post=113"}],"version-history":[{"count":4,"href":"https:\/\/annagreziak.waw.pl\/index.php?rest_route=\/wp\/v2\/pages\/113\/revisions"}],"predecessor-version":[{"id":115,"href":"https:\/\/annagreziak.waw.pl\/index.php?rest_route=\/wp\/v2\/pages\/113\/revisions\/115"}],"up":[{"embeddable":true,"href":"https:\/\/annagreziak.waw.pl\/index.php?rest_route=\/wp\/v2\/pages\/64"}],"wp:attachment":[{"href":"https:\/\/annagreziak.waw.pl\/index.php?rest_route=%2Fwp%2Fv2%2Fmedia&parent=113"}],"curies":[{"name":"wp","href":"https:\/\/api.w.org\/{rel}","templated":true}]}}